{"id":6426,"date":"2018-02-20T14:37:29","date_gmt":"2018-02-20T14:37:29","guid":{"rendered":"http:\/\/www.moizi.de\/?page_id=6426"},"modified":"2018-02-20T14:37:29","modified_gmt":"2018-02-20T14:37:29","slug":"la-colonne-vertebrale","status":"publish","type":"page","link":"https:\/\/www.moizi.de\/fr\/ergonomie\/la-colonne-vertebrale\/","title":{"rendered":"La colonne vert\u00e9brale"},"content":{"rendered":"<div id='av_section_1'  class='avia-section av-av_section-e20ec1361547d950b6e2569930d6aa41 main_color avia-section-default avia-no-shadow  avia-builder-el-0  el_before_av_section  avia-builder-el-first  avia-bg-style-scroll container_wrap fullsize'  ><div class='container av-section-cont-open' ><main  role=\"main\" itemprop=\"mainContentOfPage\"  class='template-page content  av-content-full alpha units'><div class='post-entry post-entry-type-page post-entry-6426'><div class='entry-content-wrapper clearfix'>\n<section  class='av_textblock_section av-av_textblock-2bd894dbf2e4bf2c4acf98ce4fbf94aa '   itemscope=\"itemscope\" itemtype=\"https:\/\/schema.org\/CreativeWork\" ><div class='avia_textblock'  itemprop=\"text\" ><h1>La colonne vert\u00e9brale<\/h1>\n<p>Notre colonne vert\u00e9brale tient un r\u00f4le central dans le squelette\u00a0: c&rsquo;est sur elle que reposent la t\u00eate, les \u00e9paules, les bras et la cage thoracique\u00a0; elle transmet leur poids sur le bassin et les jambes. Pour que la colonne vert\u00e9brale puisse remplir cette importante fonction statique tout en restant suffisamment flexible, elle se compose de 30\u00a0segments osseux diff\u00e9rents, les corps vert\u00e9braux.<\/p>\n<p>Les 24\u00a0premi\u00e8res vert\u00e8bres sont mobiles (7\u00a0cervicales, 12\u00a0thoraciques, 5\u00a0lombaires) et les 5\u00a0suivantes sont soud\u00e9es au niveau du sacrum. \u00c0 l&rsquo;extr\u00e9mit\u00e9 inf\u00e9rieure se trouvent encore trois \u00e0 cinq vert\u00e8bres soud\u00e9es partiellement mobiles au niveau du coccyx.<\/p>\n<\/div><\/section>\n<\/div><\/div><\/main><!-- close content main element --><\/div><\/div>\n<style type=\"text\/css\" data-created_by=\"avia_inline_auto\" id=\"style-css-av-av_section-7847a03b9e71f89b216f412ad2d4c550\">\n.avia-section.av-av_section-7847a03b9e71f89b216f412ad2d4c550{\nbackground-color:#f7f7f7;\nbackground-image:unset;\n}\n<\/style>\n<div id='av_section_2'  class='avia-section av-av_section-7847a03b9e71f89b216f412ad2d4c550 main_color avia-section-default avia-no-shadow  avia-builder-el-2  el_after_av_section  el_before_av_section  avia-bg-style-scroll container_wrap fullsize'  ><div class='container av-section-cont-open' ><div class='template-page content  av-content-full alpha units'><div class='post-entry post-entry-type-page post-entry-6426'><div class='entry-content-wrapper clearfix'>\n\n<style type=\"text\/css\" data-created_by=\"avia_inline_auto\" id=\"style-css-av-av_one_half-15d750bd1b332b34c6e70b077ebbccdf\">\n.flex_column.av-av_one_half-15d750bd1b332b34c6e70b077ebbccdf{\nborder-radius:0px 0px 0px 0px;\npadding:0px 0px 0px 0px;\n}\n<\/style>\n<div  class='flex_column av-av_one_half-15d750bd1b332b34c6e70b077ebbccdf av_one_half  avia-builder-el-3  el_before_av_one_half  avia-builder-el-first  first flex_column_div av-zero-column-padding  '     ><section  class='av_textblock_section av-av_textblock-2bd894dbf2e4bf2c4acf98ce4fbf94aa '   itemscope=\"itemscope\" itemtype=\"https:\/\/schema.org\/CreativeWork\" ><div class='avia_textblock'  itemprop=\"text\" ><h2>Colonne cervicale<\/h2>\n<p>Bien que les vert\u00e8bres de la colonne cervicale soient relativement petites, elles supportent le poids \u00e9lev\u00e9 de la t\u00eate. Les deux premi\u00e8res vert\u00e8bres cervicales situ\u00e9es juste en dessous du cr\u00e2ne pr\u00e9sentent une structure diff\u00e9rente des autres vert\u00e8bres. La premi\u00e8re vert\u00e8bre cervicale, l&rsquo;atlas, ne poss\u00e8de pas de corps vert\u00e9braux massifs. Pour sch\u00e9matiser, elle ne se compose que d&rsquo;un anneau osseux. Les surfaces articulaires en direction de la t\u00eate relient ces premi\u00e8res vert\u00e8bres cervicales et ainsi l&rsquo;ensemble de la colonne vert\u00e9brale aux os cr\u00e2niens.<\/p>\n<\/div><\/section><\/div>\n<style type=\"text\/css\" data-created_by=\"avia_inline_auto\" id=\"style-css-av-av_one_half-c8fc129dc35fd1ae2a1e410224d39ea8\">\n.flex_column.av-av_one_half-c8fc129dc35fd1ae2a1e410224d39ea8{\nborder-radius:0px 0px 0px 0px;\npadding:0px 0px 0px 0px;\n}\n<\/style>\n<div  class='flex_column av-av_one_half-c8fc129dc35fd1ae2a1e410224d39ea8 av_one_half  avia-builder-el-5  el_after_av_one_half  avia-builder-el-last  flex_column_div av-zero-column-padding  '     ><style type=\"text\/css\" data-created_by=\"avia_inline_auto\" id=\"style-css-av-av_image-932c2a54989ed81ad258b97db13d341b\">\n.avia-image-container.av-av_image-932c2a54989ed81ad258b97db13d341b img.avia_image{\nbox-shadow:none;\n}\n.avia-image-container.av-av_image-932c2a54989ed81ad258b97db13d341b .av-image-caption-overlay-center{\ncolor:#ffffff;\n}\n<\/style>\n<div  class='avia-image-container av-av_image-932c2a54989ed81ad258b97db13d341b av-styling- avia-align-center  avia-builder-el-6  avia-builder-el-no-sibling '   itemprop=\"image\" itemscope=\"itemscope\" itemtype=\"https:\/\/schema.org\/ImageObject\" ><div class=\"avia-image-container-inner\"><div class=\"avia-image-overlay-wrap\"><img decoding=\"async\" fetchpriority=\"high\" class='wp-image-6427 avia-img-lazy-loading-not-6427 avia_image ' src=\"https:\/\/www.moizi.de\/files\/uploads\/moizi_causes_des_douleurs_dorsales_fr.jpg\" alt='' title='moizi_causes_des_douleurs_dorsales_fr'  height=\"316\" width=\"570\"  itemprop=\"thumbnailUrl\" srcset=\"https:\/\/www.moizi.de\/files\/uploads\/moizi_causes_des_douleurs_dorsales_fr.jpg 570w, https:\/\/www.moizi.de\/files\/uploads\/moizi_causes_des_douleurs_dorsales_fr-300x166.jpg 300w, https:\/\/www.moizi.de\/files\/uploads\/moizi_causes_des_douleurs_dorsales_fr-450x249.jpg 450w\" sizes=\"(max-width: 570px) 100vw, 570px\" \/><\/div><\/div><\/div><\/div><\/div><\/div><\/div><!-- close content main div --><\/div><\/div><div id='av_section_3'  class='avia-section av-av_section-e20ec1361547d950b6e2569930d6aa41 main_color avia-section-default avia-no-shadow  avia-builder-el-7  el_after_av_section  el_before_av_section  avia-bg-style-scroll container_wrap fullsize'  ><div class='container av-section-cont-open' ><div class='template-page content  av-content-full alpha units'><div class='post-entry post-entry-type-page post-entry-6426'><div class='entry-content-wrapper clearfix'>\n<section  class='av_textblock_section av-av_textblock-2bd894dbf2e4bf2c4acf98ce4fbf94aa '   itemscope=\"itemscope\" itemtype=\"https:\/\/schema.org\/CreativeWork\" ><div class='avia_textblock'  itemprop=\"text\" ><h2>Colonne thoracique<\/h2>\n<p>La colonne thoracique se situe entre les colonnes cervicale et lombaire. Les c\u00f4tes sont soud\u00e9es aux corps vert\u00e9braux du thorax. Les 12\u00a0vert\u00e8bres thoraciques pr\u00e9sentent une structure solide car elles constituent la base des diff\u00e9rentes c\u00f4tes et par l\u00e0 m\u00eame de l&rsquo;ensemble de la cage thoracique. Chaque c\u00f4te est soud\u00e9e \u00e0 une vert\u00e8bre thoracique par une petite articulation. Les c\u00f4tes se d\u00e9placent dans les articulations costales entre autres \u00e0 chaque mouvement respiratoire de la cage thoracique.<\/p>\n<\/div><\/section>\n<\/div><\/div><\/div><!-- close content main div --><\/div><\/div>\n<style type=\"text\/css\" data-created_by=\"avia_inline_auto\" id=\"style-css-av-av_section-7847a03b9e71f89b216f412ad2d4c550\">\n.avia-section.av-av_section-7847a03b9e71f89b216f412ad2d4c550{\nbackground-color:#f7f7f7;\nbackground-image:unset;\n}\n<\/style>\n<div id='av_section_4'  class='avia-section av-av_section-7847a03b9e71f89b216f412ad2d4c550 main_color avia-section-default avia-no-shadow  avia-builder-el-9  el_after_av_section  el_before_av_section  avia-bg-style-scroll container_wrap fullsize'  ><div class='container av-section-cont-open' ><div class='template-page content  av-content-full alpha units'><div class='post-entry post-entry-type-page post-entry-6426'><div class='entry-content-wrapper clearfix'>\n\n<style type=\"text\/css\" data-created_by=\"avia_inline_auto\" id=\"style-css-av-av_one_half-15d750bd1b332b34c6e70b077ebbccdf\">\n.flex_column.av-av_one_half-15d750bd1b332b34c6e70b077ebbccdf{\nborder-radius:0px 0px 0px 0px;\npadding:0px 0px 0px 0px;\n}\n<\/style>\n<div  class='flex_column av-av_one_half-15d750bd1b332b34c6e70b077ebbccdf av_one_half  avia-builder-el-10  el_before_av_one_half  avia-builder-el-first  first flex_column_div av-zero-column-padding  '     ><section  class='av_textblock_section av-av_textblock-2bd894dbf2e4bf2c4acf98ce4fbf94aa '   itemscope=\"itemscope\" itemtype=\"https:\/\/schema.org\/CreativeWork\" ><div class='avia_textblock'  itemprop=\"text\" ><h2>Colonne lombaire<\/h2>\n<p>C&rsquo;est au niveau de la colonne lombaire que le transfert de charge est le plus important. C&rsquo;est pourquoi c&rsquo;est dans cette zone que les corps vert\u00e9braux sont les plus gros. Le corps de la vert\u00e8bre est courb\u00e9 et les diff\u00e9rentes surfaces articulaires des petites articulations vert\u00e9brales sont verticales les unes par rapport aux autres. Cette position permet de bons mouvements d&rsquo;\u00e9tirement et de flexion.<\/p>\n<\/div><\/section><\/div>\n<style type=\"text\/css\" data-created_by=\"avia_inline_auto\" id=\"style-css-av-av_one_half-c8fc129dc35fd1ae2a1e410224d39ea8\">\n.flex_column.av-av_one_half-c8fc129dc35fd1ae2a1e410224d39ea8{\nborder-radius:0px 0px 0px 0px;\npadding:0px 0px 0px 0px;\n}\n<\/style>\n<div  class='flex_column av-av_one_half-c8fc129dc35fd1ae2a1e410224d39ea8 av_one_half  avia-builder-el-12  el_after_av_one_half  avia-builder-el-last  flex_column_div av-zero-column-padding  '     ><section  class='av_textblock_section av-av_textblock-2bd894dbf2e4bf2c4acf98ce4fbf94aa '   itemscope=\"itemscope\" itemtype=\"https:\/\/schema.org\/CreativeWork\" ><div class='avia_textblock'  itemprop=\"text\" ><h2>Sacrum et coccyx<\/h2>\n<p>La colonne lombaire se prolonge par le sacrum soud\u00e9 au coccyx. Le sacrum tourne vers l&rsquo;int\u00e9rieur et ne peut pas bouger. Les cinq vert\u00e8bres sacrales sont solidement soud\u00e9es et m\u00eame le coccyx est relativement immobile avec ses trois \u00e0 cinq vert\u00e8bres.<\/p>\n<\/div><\/section><\/div><\/div><\/div><\/div><!-- close content main div --><\/div><\/div><div id='av_section_5'  class='avia-section av-av_section-4ab2c50611e8bc0ab9af19846c400691 main_color avia-section-default avia-no-shadow  avia-builder-el-14  el_after_av_section  avia-builder-el-last  avia-bg-style-scroll container_wrap fullsize'  ><div class='container av-section-cont-open' ><div class='template-page content  av-content-full alpha units'><div class='post-entry post-entry-type-page post-entry-6426'><div class='entry-content-wrapper clearfix'>\n<section  class='av_textblock_section av-av_textblock-2bd894dbf2e4bf2c4acf98ce4fbf94aa '   itemscope=\"itemscope\" itemtype=\"https:\/\/schema.org\/CreativeWork\" ><div class='avia_textblock'  itemprop=\"text\" ><h2>Disques intervert\u00e9braux<\/h2>\n<p>Pour que les divers corps vert\u00e9braux puissent former l&rsquo;unit\u00e9 de la colonne vert\u00e9brale, ils doivent \u00eatre reli\u00e9s entre eux de mani\u00e8re stable et mobile. La jonction correspondant \u00e0 ces eixigences complexes se compose de plusieurs \u00e9l\u00e9ments\u00a0: Les petites articulations vert\u00e9brales entre deux vert\u00e8bres contigu\u00ebs les relient entre elles en souplesse. Les disques intervert\u00e9braux, les ligaments et les muscles donnent du maintien, de la stabilit\u00e9 et de la mobilit\u00e9 \u00e0 la colonne vert\u00e9brale. Une musculature \u00ab\u00a0atrophi\u00e9e, n\u00e9glig\u00e9e et\/ou contract\u00e9e\u00a0\u00bb est souvent \u00e0 l&rsquo;origine de douleurs dorsales, ce qui reste souvent ignor\u00e9. \u00c0 l&rsquo;exception des premi\u00e8re et deuxi\u00e8me vert\u00e8bres cervicales et des vert\u00e8bres partiellement soud\u00e9es entre elles du sacrum et du coccyx, deux vert\u00e8bres voisines sont toujours reli\u00e9es par un disque intervert\u00e9bral. Celui-ci se situe toujours entre les deux corps vert\u00e9braux. Le disque intervert\u00e9bral est lui-m\u00eame constitu\u00e9 de tissu conjonctif avec un anneau ext\u00e9rieur \u00e9lastique relativement ferme et un noyau int\u00e9rieur souple. Les disques intervert\u00e9braux ont pour fonction d&rsquo;amortir les chocs et d&rsquo;\u00e9tablir la jonction mobile entre les diff\u00e9rentes vert\u00e8bres. Les disques intervert\u00e9braux doivent r\u00e9guli\u00e8rement absorber du liquide pour conserver leur \u00e9lasticit\u00e9. Cela n&rsquo;est cependant possible que par le mouvement. Les disques intervert\u00e9braux se trouvent alors charg\u00e9s et d\u00e9charg\u00e9s \u00e0 nouveau. C&rsquo;est ainsi que le liquide p\u00e9n\u00e8tre dans les disques intervert\u00e9braux. En cas d&rsquo;insuffisance en liquide, ils deviennent cassants et se fissurent. En cas de surcharge, le disque intervert\u00e9bral subit durablement une pression trop forte. Le r\u00e9sultat est le m\u00eame, le disque est sous-irrigu\u00e9.<\/p>\n<p>La colonne vert\u00e9brale est un organe complexe et sensible. On sait aujourd&rsquo;hui que les douleurs dorsales ne sont pas d\u00e9clench\u00e9es uniquement par les organes pr\u00e9cit\u00e9s, mais \u00e9galement par le surmenage psychologique. Dans tous les domaines, divers probl\u00e8mes peuvent provoquer des douleurs. Ces \u00e9l\u00e9ments rendent encore plus clair le fait que le bon placement de la colonne vert\u00e9brale en position assise au bureau ou \u00e0 domicile et en position allong\u00e9e peut grandement contribuer \u00e0 l&rsquo;att\u00e9nuation des douleurs dorsales. Bien entendu, cela peut am\u00e9liorer la posture pour se pencher et soulever ou porter des objets.<\/p>\n<\/div><\/section>\n<\/p>\n","protected":false},"excerpt":{"rendered":"","protected":false},"author":4,"featured_media":0,"parent":6432,"menu_order":0,"comment_status":"closed","ping_status":"closed","template":"","meta":{"footnotes":""},"class_list":["post-6426","page","type-page","status-publish","hentry"],"yoast_head":"<!-- This site is optimized with the Yoast SEO plugin v27.5 - https:\/\/yoast.com\/product\/yoast-seo-wordpress\/ -->\n<title>La colonne vert\u00e9brale - MOIZI<\/title>\n<meta name=\"robots\" content=\"index, follow, max-snippet:-1, max-image-preview:large, max-video-preview:-1\" \/>\n<link rel=\"canonical\" href=\"https:\/\/www.moizi.de\/fr\/ergonomie\/la-colonne-vertebrale\/\" \/>\n<meta property=\"og:locale\" content=\"fr_FR\" \/>\n<meta property=\"og:type\" content=\"article\" \/>\n<meta property=\"og:title\" content=\"La colonne vert\u00e9brale - MOIZI\" \/>\n<meta property=\"og:url\" content=\"https:\/\/www.moizi.de\/fr\/ergonomie\/la-colonne-vertebrale\/\" \/>\n<meta property=\"og:site_name\" content=\"MOIZI\" \/>\n<meta name=\"twitter:card\" content=\"summary_large_image\" \/>\n<meta name=\"twitter:label1\" content=\"Dur\u00e9e de lecture estim\u00e9e\" \/>\n\t<meta name=\"twitter:data1\" content=\"8 minutes\" \/>\n<script type=\"application\/ld+json\" class=\"yoast-schema-graph\">{\"@context\":\"https:\\\/\\\/schema.org\",\"@graph\":[{\"@type\":\"WebPage\",\"@id\":\"https:\\\/\\\/www.moizi.de\\\/fr\\\/ergonomie\\\/la-colonne-vertebrale\\\/\",\"url\":\"https:\\\/\\\/www.moizi.de\\\/fr\\\/ergonomie\\\/la-colonne-vertebrale\\\/\",\"name\":\"La colonne vert\u00e9brale - MOIZI\",\"isPartOf\":{\"@id\":\"https:\\\/\\\/www.moizi.de\\\/#website\"},\"datePublished\":\"2018-02-20T14:37:29+00:00\",\"breadcrumb\":{\"@id\":\"https:\\\/\\\/www.moizi.de\\\/fr\\\/ergonomie\\\/la-colonne-vertebrale\\\/#breadcrumb\"},\"inLanguage\":\"fr-FR\",\"potentialAction\":[{\"@type\":\"ReadAction\",\"target\":[\"https:\\\/\\\/www.moizi.de\\\/fr\\\/ergonomie\\\/la-colonne-vertebrale\\\/\"]}]},{\"@type\":\"BreadcrumbList\",\"@id\":\"https:\\\/\\\/www.moizi.de\\\/fr\\\/ergonomie\\\/la-colonne-vertebrale\\\/#breadcrumb\",\"itemListElement\":[{\"@type\":\"ListItem\",\"position\":1,\"name\":\"Startseite\",\"item\":\"https:\\\/\\\/www.moizi.de\\\/fr\\\/\"},{\"@type\":\"ListItem\",\"position\":2,\"name\":\"Ergonomie\",\"item\":\"https:\\\/\\\/www.moizi.de\\\/fr\\\/ergonomie\\\/\"},{\"@type\":\"ListItem\",\"position\":3,\"name\":\"La colonne vert\u00e9brale\"}]},{\"@type\":\"WebSite\",\"@id\":\"https:\\\/\\\/www.moizi.de\\\/#website\",\"url\":\"https:\\\/\\\/www.moizi.de\\\/\",\"name\":\"MOIZI\",\"description\":\"Bewegt sitzen\",\"potentialAction\":[{\"@type\":\"SearchAction\",\"target\":{\"@type\":\"EntryPoint\",\"urlTemplate\":\"https:\\\/\\\/www.moizi.de\\\/?s={search_term_string}\"},\"query-input\":{\"@type\":\"PropertyValueSpecification\",\"valueRequired\":true,\"valueName\":\"search_term_string\"}}],\"inLanguage\":\"fr-FR\"}]}<\/script>\n<!-- \/ Yoast SEO plugin. -->","yoast_head_json":{"title":"La colonne vert\u00e9brale - MOIZI","robots":{"index":"index","follow":"follow","max-snippet":"max-snippet:-1","max-image-preview":"max-image-preview:large","max-video-preview":"max-video-preview:-1"},"canonical":"https:\/\/www.moizi.de\/fr\/ergonomie\/la-colonne-vertebrale\/","og_locale":"fr_FR","og_type":"article","og_title":"La colonne vert\u00e9brale - MOIZI","og_url":"https:\/\/www.moizi.de\/fr\/ergonomie\/la-colonne-vertebrale\/","og_site_name":"MOIZI","twitter_card":"summary_large_image","twitter_misc":{"Dur\u00e9e de lecture estim\u00e9e":"8 minutes"},"schema":{"@context":"https:\/\/schema.org","@graph":[{"@type":"WebPage","@id":"https:\/\/www.moizi.de\/fr\/ergonomie\/la-colonne-vertebrale\/","url":"https:\/\/www.moizi.de\/fr\/ergonomie\/la-colonne-vertebrale\/","name":"La colonne vert\u00e9brale - MOIZI","isPartOf":{"@id":"https:\/\/www.moizi.de\/#website"},"datePublished":"2018-02-20T14:37:29+00:00","breadcrumb":{"@id":"https:\/\/www.moizi.de\/fr\/ergonomie\/la-colonne-vertebrale\/#breadcrumb"},"inLanguage":"fr-FR","potentialAction":[{"@type":"ReadAction","target":["https:\/\/www.moizi.de\/fr\/ergonomie\/la-colonne-vertebrale\/"]}]},{"@type":"BreadcrumbList","@id":"https:\/\/www.moizi.de\/fr\/ergonomie\/la-colonne-vertebrale\/#breadcrumb","itemListElement":[{"@type":"ListItem","position":1,"name":"Startseite","item":"https:\/\/www.moizi.de\/fr\/"},{"@type":"ListItem","position":2,"name":"Ergonomie","item":"https:\/\/www.moizi.de\/fr\/ergonomie\/"},{"@type":"ListItem","position":3,"name":"La colonne vert\u00e9brale"}]},{"@type":"WebSite","@id":"https:\/\/www.moizi.de\/#website","url":"https:\/\/www.moizi.de\/","name":"MOIZI","description":"Bewegt sitzen","potentialAction":[{"@type":"SearchAction","target":{"@type":"EntryPoint","urlTemplate":"https:\/\/www.moizi.de\/?s={search_term_string}"},"query-input":{"@type":"PropertyValueSpecification","valueRequired":true,"valueName":"search_term_string"}}],"inLanguage":"fr-FR"}]}},"_links":{"self":[{"href":"https:\/\/www.moizi.de\/fr\/wp-json\/wp\/v2\/pages\/6426","targetHints":{"allow":["GET"]}}],"collection":[{"href":"https:\/\/www.moizi.de\/fr\/wp-json\/wp\/v2\/pages"}],"about":[{"href":"https:\/\/www.moizi.de\/fr\/wp-json\/wp\/v2\/types\/page"}],"author":[{"embeddable":true,"href":"https:\/\/www.moizi.de\/fr\/wp-json\/wp\/v2\/users\/4"}],"replies":[{"embeddable":true,"href":"https:\/\/www.moizi.de\/fr\/wp-json\/wp\/v2\/comments?post=6426"}],"version-history":[{"count":2,"href":"https:\/\/www.moizi.de\/fr\/wp-json\/wp\/v2\/pages\/6426\/revisions"}],"predecessor-version":[{"id":6431,"href":"https:\/\/www.moizi.de\/fr\/wp-json\/wp\/v2\/pages\/6426\/revisions\/6431"}],"up":[{"embeddable":true,"href":"https:\/\/www.moizi.de\/fr\/wp-json\/wp\/v2\/pages\/6432"}],"wp:attachment":[{"href":"https:\/\/www.moizi.de\/fr\/wp-json\/wp\/v2\/media?parent=6426"}],"curies":[{"name":"wp","href":"https:\/\/api.w.org\/{rel}","templated":true}]}}